{"id":40,"date":"2020-02-04T07:04:26","date_gmt":"2020-02-04T07:04:26","guid":{"rendered":"http:\/\/hermann-von-salza.vcp-starkenburg.de\/?page_id=40"},"modified":"2021-08-23T16:18:58","modified_gmt":"2021-08-23T16:18:58","slug":"satzung","status":"publish","type":"page","link":"https:\/\/hermann-von-salza.vcp-starkenburg.de\/?page_id=40","title":{"rendered":"Satzung"},"content":{"rendered":"\n<p><a><\/a><strong>I.&nbsp;&nbsp;&nbsp;&nbsp;&nbsp;&nbsp;&nbsp; Grundlegendes<\/strong><\/p>\n\n\n\n<p><strong>\u00a7 1 Mitgliedschaft<\/strong><\/p>\n\n\n\n<ol class=\"wp-block-list\" type=\"a\"><li>Der Verein VCP-Nauheim, mit dem Stammesnamen Hermann von Salza (HvS), ist ein Stamm des Verbandes Christlicher Pfadfinderinnen und Pfadfinder (VCP) e.V. mit Sitz in 34121 Kassel.<\/li><li>Die Aufgaben und Ziele richten sich nach denen der Bundesebene des VCP.<\/li><li>Ein Mitglied des VCP-Nauheim ist, wer beim Bundesverband angemeldetes Mitglied und dort als zum Stamm HvS geh\u00f6rig registriert ist. Es gelten die Regelungen zu Beginn und Ende der Mitgliedschaft im VCP.<\/li><\/ol>\n\n\n\n<p><strong>II.&nbsp;&nbsp;&nbsp;&nbsp;&nbsp;&nbsp; Organe<\/strong><\/p>\n\n\n\n<p><strong>\u00a7 2 Die Mitgliederversammlung<\/strong><\/p>\n\n\n\n<ol class=\"wp-block-list\" type=\"a\"><li>Die Mitgliederversammlung (MV) setzt sich zusammen aus den eingetragenen Mitgliedern des VCP-Nauheim.<\/li><li>Jedes Stammesmitglied ist stimmberechtigt.<\/li><li>Entscheidungen der MV m\u00fcssen mit \u00fcbergeordneten Strukturen vereinbar sein.<\/li><\/ol>\n\n\n\n<p><strong>\u00a7 3 Aufgaben der Mitgliederversammlung<\/strong><\/p>\n\n\n\n<ol class=\"wp-block-list\" type=\"a\"><li>Die MV kann Entlastungen und Genehmigungen erteilen, sowie Beschl\u00fcsse erlassen.<\/li><li>Die MV nimmt Berichte aus den Gruppen, Ranger- und Rover-Runden (RR-Runden), der Stammesleitung, sowie allen \u00c4mtern, Besonderheiten unter \u00a7 9 b), entgegen.<\/li><li>Die MV w\u00e4hlt einen*eine Stammesf\u00fchrer*in, oder beauftragt die Stammesleitung mit der Wahrnehmung seiner*ihrer Aufgaben.<\/li><li>Die MV w\u00e4hlt Amtsinhaber*innen f\u00fcr alle existierenden \u00c4mter, Besonderheiten unter \u00a7 3 c), auf jeweils ein Jahr.<\/li><li>Die MV beauftragt die Delegierten f\u00fcr die Regions- und Landesversammlung auf jeweils ein Jahr. Es k\u00f6nnen zudem weitere Beauftragungen ausgesprochen werden.<\/li><li>Die MV nimmt Antr\u00e4ge entgegen und f\u00fchrt gegebenenfalls Wahlen f\u00fcr diese durch.<\/li><\/ol>\n\n\n\n<p><strong>\u00a7 4 Einberufung und Beschlussf\u00e4higkeit der Mitgliederversammlung<\/strong><\/p>\n\n\n\n<ol class=\"wp-block-list\" type=\"a\"><li>Die Mitgliederversammlung tritt mindestens einmal im Jahr zusammen und wird durch den Mitgliederversammlungsvorstand (MVV) einberufen.<\/li><li>Weitere Mitgliederversammlungen werden auf Verlangen der Stammesleitung oder der einfachen Mehrheit der eingetragenen Mitglieder einberufen.<\/li><li>Die Einberufung der MV erfolgt mindestens 14 Tage vor dem Versammlungstermin durch eine schriftliche Einladung an jedes Mitglied.<\/li><li>Die MV ist beschlussf\u00e4hig, wenn sie ordnungsgem\u00e4\u00df der Satzung einberufen wurde.<\/li><\/ol>\n\n\n\n<p><strong>\u00a7 5 Antr\u00e4ge und Berichte and die Mitgliederversammlung<\/strong><\/p>\n\n\n\n<ol class=\"wp-block-list\" type=\"a\"><li>Antr\u00e4ge m\u00fcssen mindestens 21 Tage und Berichte mindestens 15 Tage vor dem Versammlungstermin dem MVV in schriftlicher Form vorliegen.<\/li><li>Nicht rechtzeitig eingereichte Antr\u00e4ge d\u00fcrfen in der Regel nicht behandelt werden.<\/li><li>Wenn aus der Sitzung heraus die Notwendigkeit eines Eilantrages besteht, kann die Befassung mit dem Antrag mit einer 2\/3 Mehrheit beschlossen werden.<\/li><li>Beschl\u00fcsse treten mit Ende der Sitzung in Kraft.<\/li><\/ol>\n\n\n\n<p><strong>\u00a7 6 Die Stammesleitung<\/strong><\/p>\n\n\n\n<ol class=\"wp-block-list\" type=\"a\"><li>Die Stammesleitung setzt sich aus allen aktiven Gruppenleiter*innen und allen Amtsinhaber*innen, ausschlie\u00dflich der Kassenpr\u00fcfer*innen, zusammen.<\/li><li>Alle Mitglieder der Stammesleitung verf\u00fcgen \u00fcber jeweils eine Stimme.<\/li><li>Die Stammesleitung kann j\u00e4hrlich von der MV entlastet werden.<\/li><\/ol>\n\n\n\n<p><strong>\u00a7 7 Die Aufgaben der Stammesleitung<\/strong><\/p>\n\n\n\n<ol class=\"wp-block-list\" type=\"a\"><li>Die Stammesleitung beschlie\u00dft Vorhaben und Aktivit\u00e4ten des Stammes, delegiert Mitglieder zu den Regionsr\u00e4ten, dient der innerverbandlichen Informationsvermittlung und beschlie\u00dft die Bewilligung von Mitteln, bis 1027,00\u20ac, aus der Stammeskasse.<\/li><li>Die Stammesleitung f\u00fchrt Protokoll \u00fcber ihre Sitzungen und h\u00e4lt Beschl\u00fcsse fest. Das Protokoll jeder Sitzung kann von jedem Stammesmitglied angefordert werden.<\/li><li>Die Stammesleitung \u00fcberwacht den MVV auf die Einhaltung der geltenden Satzung.<\/li><li>Die Stammesleitung gibt j\u00e4hrlich einen schriftlichen Bericht an den MVV und k\u00fcmmert sich um die j\u00e4hrliche Berichterstattung aus den aktiven Gruppen, sowie den Ranger- und Rover-Runden, an den MVV.<\/li><\/ol>\n\n\n\n<p><strong>\u00a7 8 Einberufung und Beschlussf\u00e4higkeit der Stammesleitung<\/strong><\/p>\n\n\n\n<ol class=\"wp-block-list\" type=\"a\"><li>Der*Die Stammesleitungsrundenvorsitzende beruft die Sitzungsrunden ein.<\/li><li>Die Stammesleitung ist beschlussf\u00e4hig, wenn aus jeder aktiven Gruppe und RR-Runde mindestens ein*e Vertreter*in anwesend ist. Als aktiv gelten alle Gruppen und RR-Runden des Stammes, die sich regelm\u00e4\u00dfig treffen.<br><\/li><\/ol>\n\n\n\n<p><strong>III.&nbsp;&nbsp;&nbsp;&nbsp;&nbsp; \u00c4mter<\/strong><\/p>\n\n\n\n<p><strong>\u00a7 9 Grundlegendes zu den \u00c4mtern<\/strong><\/p>\n\n\n\n<ol class=\"wp-block-list\" type=\"a\"><li>Alle \u00c4mter werden j\u00e4hrlich von der MV gew\u00e4hlt.<\/li><li>Alle \u00c4mter, ausschlie\u00dflich des MVVs, m\u00fcssen j\u00e4hrlich einen schriftlichen Bericht an den MVV geben und diesen ebenfalls der MV pr\u00e4sentieren, Besonderheit bei \u00a7 13 c).<\/li><li>Vor der Neubesetzung eines Amtes kann der*die ehemalige Amtsinhaber*in entlastet werden.<\/li><\/ol>\n\n\n\n<p><strong>\u00a7 10 Der Mitgliederversammlungsvorstand<\/strong><\/p>\n\n\n\n<ol class=\"wp-block-list\" type=\"a\"><li>Der MVV stellt eine*n Vorsitzende*n, welche*r die MV leitet und strukturiert.<\/li><li>Der MVV muss die MV rechtzeitig einberufen und organisieren. Dazu geh\u00f6rt das Erstellen einer Tagesordnung und das Buchen von R\u00e4umlichkeiten f\u00fcr die Sitzung.<\/li><li>Der MVV muss sich um die Bereitstellung der Berichte und Antr\u00e4ge k\u00fcmmern.<\/li><li>Der MVV muss Protokoll \u00fcber die MV f\u00fchren und alle Versammlungsunterlagen archivieren. Das erstellte Protokoll einer MV muss, sp\u00e4testens 14 Tage nach dieser, allen Mitgliedern zug\u00e4nglich gemacht werden.<\/li><li>Der MVV \u00fcberwacht die Einhaltung der Gesch\u00e4ftsordnung.<\/li><\/ol>\n\n\n\n<p><strong>\u00a7 11 Der*Die Stammesf\u00fchrer*in<\/strong><\/p>\n\n\n\n<ol class=\"wp-block-list\" type=\"a\"><li>Der*Die Stammesf\u00fchrer*in ist die Kontaktperson des Stammes nach au\u00dfen, der*die Stammesleitungsrundenvorsitzende und agiert als Vermittler*in zwischen Stammesmitgliedern, Stammesleitung und den Amtsinhaber*innen. Dazu ist er*sie zust\u00e4ndig f\u00fcr die Stammeswebsite und die E-Mail-Adresse des Stammes.<\/li><li>Der*Die Stammesf\u00fchrer*in kann seine*ihre Aufgaben delegieren.<\/li><\/ol>\n\n\n\n<p><strong>\u00a7 12 Der*Die Materialwart*in<\/strong><\/p>\n\n\n\n<ol class=\"wp-block-list\" type=\"a\"><li>Der*Die Materialwart*in verwaltet das Stammesmaterial.<\/li><li>Der*Die Materialwart*in kann Material verleihen. Der*Die Abholer*in haftet mit seiner*ihrer Unterschrift.<\/li><\/ol>\n\n\n\n<p><strong>\u00a7 13 Der*Die Kassenwart*in<\/strong><\/p>\n\n\n\n<ol class=\"wp-block-list\" type=\"a\"><li>Der*Die Kassenwart*in verwaltet die Stammeskasse.<\/li><li>Der*Die Kassenwart*in muss vollj\u00e4hrig sein.<\/li><li>Der*Die Kassenwart*in muss der MV j\u00e4hrlich Rechenschaft, in Form eines schriftlichen Berichts an den MVV, \u00fcber jegliches Verm\u00f6gen des Stammes ablegen.<\/li><\/ol>\n\n\n\n<p><strong>\u00a7 14 Die Kassenpr\u00fcfer*innen<\/strong><\/p>\n\n\n\n<ol class=\"wp-block-list\" type=\"a\"><li>Die Kassenpr\u00fcfer*innen pr\u00fcfen die Stammeskasse.<\/li><li>Mindestens ein*e Kassenpr\u00fcfer*in muss vollj\u00e4hrig sein.<br><\/li><\/ol>\n\n\n\n<p><strong>IV.&nbsp;&nbsp;&nbsp;&nbsp;&nbsp; Stammeskasse<\/strong><\/p>\n\n\n\n<p><strong>\u00a7 15 Die Stammeskasse und deren Pr\u00fcfung<\/strong><\/p>\n\n\n\n<ol class=\"wp-block-list\" type=\"a\"><li>In der Stammeskasse ist das Stammeskapital zu verwalten und \u00fcber die Verwendung vollst\u00e4ndig Nachweis zu f\u00fchren.<\/li><li>Bis zu einem Betrag von 1027,00\u20ac kann ein Mitglied, unter Nachweis von Belegen, Geld aus der Stammeskasse zur\u00fcckerstattet bekommen, sollte dies f\u00fcr Stammeszwecke genutzt worden und mit der Stammesleitung abgesprochen sein. In dem Fall sind die Belege der Stammesleitung vorzulegen, damit die Stammesleitung diese unter einem Beschluss bewilligen kann. Im Folgenden werden die bewilligten Belege von dem*der Stammesf\u00fchrer*in unterzeichnet und an den*die Kassenwart*in \u00fcbergeben.<\/li><li>Gruppenleiter*innen k\u00f6nnen im Quartal je Gruppe bis zu 100,-\u20ac f\u00fcr die Durchf\u00fchrung von Gruppenstunden ohne die Zustimmung der Stammesleitung ausgeben.<\/li><li>Bei einer Anforderung von Stammesmitteln ab einer H\u00f6he von 1027,01\u20ac ist die Zustimmung der MV n\u00f6tig.<\/li><li>Die Stammeskasse ist mindestens einmal j\u00e4hrlich, vor der MV, auf die Ordnungsm\u00e4\u00dfigkeit der F\u00fchrung hin zu \u00fcberpr\u00fcfen. Weitere Kassenpr\u00fcfungen sind auf Antrag der Stammesleitung oder der einfachen Mehrheit der eingetragenen Mitglieder durchzuf\u00fchren.<\/li><li>Bei der Aufl\u00f6sung des VCP-Nauheim ist die Stammeskasse an den VCP-Hessen e.V., Johannisberg 12, 61231 Bad Nauheim zu \u00fcberf\u00fchren.<\/li><\/ol>\n\n\n\n<p><strong>V.&nbsp;&nbsp;&nbsp;&nbsp;&nbsp;&nbsp; Anhang<\/strong><strong><\/strong><\/p>\n\n\n\n<p><strong>Gesch\u00e4ftsordnung<\/strong><\/p>\n\n\n\n<ol class=\"wp-block-list\" type=\"a\"><li>Die Stammesorgane tagen in der Regel \u00f6ffentlich. Die \u00d6ffentlichkeit kann f\u00fcr einzelne Tagesordnungspunkte ausgeschlossen werden.<\/li><li>Die Worterteilung erfolgt in Reihenfolge der Wortmeldungen. Au\u00dfer der Reihe wird das Wort nur Berichterstattenden zur sachlichen Erwiderung und Antragssteller*innen eines Gesch\u00e4ftsordnungsantrags erteilt.<\/li><li>Abstimmungen erfolgen in der Regel durch Handzeichen. Ein Antrag auf geheime Abstimmung muss vor Eintritt in den Wahlvorgang gestellt werden. Es gen\u00fcgt eine Stimme f\u00fcr eine geheime Wahl.<\/li><li>Wahlen, Beschl\u00fcsse, Entlastungen und Genehmigungen erfolgen mit der einfachen Mehrheit, ohne Ber\u00fccksichtigung der Stimmenthaltungen.<\/li><li>\u00c4nderungen, die die Satzung betreffen, ben\u00f6tigen eine 2\/3 Mehrheit der anwesenden Stimmberechtigten, ohne Ber\u00fccksichtigung der Stimmenthaltungen.<\/li><li>Die Anzahl der Stimmberechtigten wird vor jeder Wahl von dem MVV \u00fcberpr\u00fcft.<\/li><\/ol>\n\n\n\n<p>Die vorliegende Satzung wurde zuletzt am 25.06.2021 von der au\u00dferordentlichen Mitgliederversammlung des VCP-Nauheim ge\u00e4ndert und beschlossen.<\/p>\n","protected":false},"excerpt":{"rendered":"<p>I.&nbsp;&nbsp;&nbsp;&nbsp;&nbsp;&nbsp;&nbsp; Grundlegendes \u00a7 1 Mitgliedschaft Der Verein VCP-Nauheim, mit dem Stammesnamen Hermann von Salza (HvS), ist ein Stamm des Verbandes Christlicher Pfadfinderinnen und Pfadfinder (VCP) e.V. mit Sitz in 34121 Kassel. Die Aufgaben und Ziele richten sich nach denen der Bundesebene des VCP. Ein Mitglied des VCP-Nauheim ist, wer beim Bundesverband angemeldetes Mitglied und dort &hellip; <\/p>\n<p class=\"link-more\"><a href=\"https:\/\/hermann-von-salza.vcp-starkenburg.de\/?page_id=40\" class=\"more-link\"><span class=\"screen-reader-text\">\u201eSatzung\u201c<\/span> weiterlesen<\/a><\/p>\n","protected":false},"author":2,"featured_media":0,"parent":0,"menu_order":0,"comment_status":"closed","ping_status":"closed","template":"","meta":{"footnotes":""},"class_list":["post-40","page","type-page","status-publish","hentry"],"_links":{"self":[{"href":"https:\/\/hermann-von-salza.vcp-starkenburg.de\/index.php?rest_route=\/wp\/v2\/pages\/40","targetHints":{"allow":["GET"]}}],"collection":[{"href":"https:\/\/hermann-von-salza.vcp-starkenburg.de\/index.php?rest_route=\/wp\/v2\/pages"}],"about":[{"href":"https:\/\/hermann-von-salza.vcp-starkenburg.de\/index.php?rest_route=\/wp\/v2\/types\/page"}],"author":[{"embeddable":true,"href":"https:\/\/hermann-von-salza.vcp-starkenburg.de\/index.php?rest_route=\/wp\/v2\/users\/2"}],"replies":[{"embeddable":true,"href":"https:\/\/hermann-von-salza.vcp-starkenburg.de\/index.php?rest_route=%2Fwp%2Fv2%2Fcomments&post=40"}],"version-history":[{"count":2,"href":"https:\/\/hermann-von-salza.vcp-starkenburg.de\/index.php?rest_route=\/wp\/v2\/pages\/40\/revisions"}],"predecessor-version":[{"id":121,"href":"https:\/\/hermann-von-salza.vcp-starkenburg.de\/index.php?rest_route=\/wp\/v2\/pages\/40\/revisions\/121"}],"wp:attachment":[{"href":"https:\/\/hermann-von-salza.vcp-starkenburg.de\/index.php?rest_route=%2Fwp%2Fv2%2Fmedia&parent=40"}],"curies":[{"name":"wp","href":"https:\/\/api.w.org\/{rel}","templated":true}]}}